{"id":3242,"date":"2020-08-13T01:55:11","date_gmt":"2020-08-12T23:55:11","guid":{"rendered":"https:\/\/enlisantfestival.com\/fr\/?page_id=3242"},"modified":"2020-09-12T14:16:59","modified_gmt":"2020-09-12T12:16:59","slug":"en-lisant-2020","status":"publish","type":"page","link":"https:\/\/enlisantfestival.com\/fr\/en-lisant-2020\/","title":{"rendered":"En Lisant 2020"},"content":{"rendered":"<div class=\"wpb-content-wrapper\"><p>[vc_row full_width=&#8221;stretch_row&#8221; el_class=&#8221;scs_bg_cover scs_bg_center bg_booking&#8221; css=&#8221;.vc_custom_1597276505577{padding-top: 9rem !important;padding-bottom: 9rem !important;background-image: url(https:\/\/enlisantfestival.com\/fr\/wp-content\/uploads\/2020\/08\/JHO_4475.jpg?id=3246) !important;}&#8221;][vc_column width=&#8221;1\/2&#8243;][\/vc_column][vc_column width=&#8221;1\/2&#8243;][vc_single_image image=&#8221;3656&#8243; alignment=&#8221;center&#8221;][vc_column_text]<\/p>\n<h4>Proposer un festival en Ha\u00efti autour de Guy R\u00e9gis Junior soul\u00e8ve et \/ou \u00e9voque deux maillons\u00a0 de\u00a0 la chaine des m\u00e9tiers des arts de la sc\u00e8ne. Les techniciens et les com\u00e9diens. Il (Guy R\u00e9gis junior) a \u00e9t\u00e9 lui-m\u00eame technicien\u00a0 au\u00a0 d\u00e9but de sa carri\u00e8re. Guy R\u00e9gis Junior le souligne souvent tant dans ses prises de parole\u00a0 publiques\u00a0 que\u00a0 dans les cercles ferm\u00e9s d\u2019amis. Il a commenc\u00e9 par-l\u00e0, apr\u00e8s avoir suivi\u00a0\u00a0 une formation \u00e0 l\u2019Institut Fran\u00e7ais en Ha\u00efti. C\u2019est d\u2019ailleurs ce qui lui a donn\u00e9 envie de monter sur sc\u00e8ne. Tapi dans l\u2019ombre tel que le confinaient ses responsabilit\u00e9s de technicien, le jeune Guy va\u00a0 s\u2019int\u00e9resser au th\u00e9\u00e2tre apr\u00e8s avoir regard\u00e9, du haut de l\u2019escarbot, tant de com\u00e9diens jou\u00e9s. Les \u00e9clairagistes, les accessoiristes, les r\u00e9gisseurs de plateau sont les chevilles ouvri\u00e8res de toutes cr\u00e9ations. Sans les m\u00e9tiers de spectacle\u2026 pas de spectacle. Bien des ann\u00e9es apr\u00e8s, le voil\u00e0 aujourd\u2019hui sur toutes les sc\u00e8nes, en tant qu\u2019auteur, directeur de festival et com\u00e9diens<\/h4>\n<p>[\/vc_column_text][\/vc_column][\/vc_row][vc_row][vc_column][\/vc_column][\/vc_row]<\/p>\n<\/div>","protected":false},"excerpt":{"rendered":"<p>[vc_row full_width=&#8221;stretch_row&#8221; el_class=&#8221;scs_bg_cover scs_bg_center bg_booking&#8221; css=&#8221;.vc_custom_1597276505577{padding-top: 9rem !important;padding-bottom: 9rem !important;background-image: url(https:\/\/enlisantfestival.com\/fr\/wp-content\/uploads\/2020\/08\/JHO_4475.jpg?id=3246) !important;}&#8221;][vc_column width=&#8221;1\/2&#8243;][\/vc_column][vc_column width=&#8221;1\/2&#8243;][vc_single_image image=&#8221;3656&#8243; alignment=&#8221;center&#8221;][vc_column_text] Proposer un festival en Ha\u00efti autour de Guy R\u00e9gis Junior soul\u00e8ve et \/ou \u00e9voque [&hellip;]<\/p>\n","protected":false},"author":1,"featured_media":0,"parent":0,"menu_order":0,"comment_status":"closed","ping_status":"closed","template":"","meta":{"_FSMCFIC_featured_image_caption":"","_FSMCFIC_featured_image_nocaption":"","_FSMCFIC_featured_image_hide":"","footnotes":""},"class_list":["post-3242","page","type-page","status-publish","hentry"],"yoast_head":"<!-- This site is optimized with the Yoast SEO plugin v27.0 - https:\/\/yoast.com\/product\/yoast-seo-wordpress\/ -->\n<title>En Lisant 2020 - En Lisant festival de th\u00e9\u00e2tre<\/title>\n<meta name=\"robots\" content=\"index, follow, max-snippet:-1, max-image-preview:large, max-video-preview:-1\" \/>\n<link rel=\"canonical\" href=\"https:\/\/enlisantfestival.com\/fr\/en-lisant-2020\/\" \/>\n<meta property=\"og:locale\" content=\"fr_FR\" \/>\n<meta property=\"og:type\" content=\"article\" \/>\n<meta property=\"og:title\" content=\"En Lisant 2020 - En Lisant festival de th\u00e9\u00e2tre\" \/>\n<meta property=\"og:description\" content=\"[vc_row full_width=&#8221;stretch_row&#8221; el_class=&#8221;scs_bg_cover scs_bg_center bg_booking&#8221; css=&#8221;.vc_custom_1597276505577{padding-top: 9rem !important;padding-bottom: 9rem !important;background-image: url(https:\/\/enlisantfestival.com\/fr\/wp-content\/uploads\/2020\/08\/JHO_4475.jpg?id=3246) !important;}&#8221;][vc_column width=&#8221;1\/2&#8243;][\/vc_column][vc_column width=&#8221;1\/2&#8243;][vc_single_image image=&#8221;3656&#8243; alignment=&#8221;center&#8221;][vc_column_text] Proposer un festival en Ha\u00efti autour de Guy R\u00e9gis Junior soul\u00e8ve et \/ou \u00e9voque [&hellip;]\" \/>\n<meta property=\"og:url\" content=\"https:\/\/enlisantfestival.com\/fr\/en-lisant-2020\/\" \/>\n<meta property=\"og:site_name\" content=\"En Lisant festival de th\u00e9\u00e2tre\" \/>\n<meta property=\"article:modified_time\" content=\"2020-09-12T12:16:59+00:00\" \/>\n<meta property=\"og:image\" content=\"https:\/\/enlisantfestival.com\/fr\/wp-content\/uploads\/2020\/09\/en-lisant-logo.png\" \/>\n\t<meta property=\"og:image:width\" content=\"600\" \/>\n\t<meta property=\"og:image:height\" content=\"343\" \/>\n\t<meta property=\"og:image:type\" content=\"image\/png\" \/>\n<meta name=\"twitter:card\" content=\"summary_large_image\" \/>\n<meta name=\"twitter:label1\" content=\"Dur\u00e9e de lecture estim\u00e9e\" \/>\n\t<meta name=\"twitter:data1\" content=\"1 minute\" \/>\n<script type=\"application\/ld+json\" class=\"yoast-schema-graph\">{\"@context\":\"https:\/\/schema.org\",\"@graph\":[{\"@type\":\"WebPage\",\"@id\":\"https:\/\/enlisantfestival.com\/fr\/en-lisant-2020\/\",\"url\":\"https:\/\/enlisantfestival.com\/fr\/en-lisant-2020\/\",\"name\":\"En Lisant 2020 - En Lisant festival de th\u00e9\u00e2tre\",\"isPartOf\":{\"@id\":\"https:\/\/enlisantfestival.com\/fr\/#website\"},\"datePublished\":\"2020-08-12T23:55:11+00:00\",\"dateModified\":\"2020-09-12T12:16:59+00:00\",\"breadcrumb\":{\"@id\":\"https:\/\/enlisantfestival.com\/fr\/en-lisant-2020\/#breadcrumb\"},\"inLanguage\":\"fr-FR\",\"potentialAction\":[{\"@type\":\"ReadAction\",\"target\":[\"https:\/\/enlisantfestival.com\/fr\/en-lisant-2020\/\"]}]},{\"@type\":\"BreadcrumbList\",\"@id\":\"https:\/\/enlisantfestival.com\/fr\/en-lisant-2020\/#breadcrumb\",\"itemListElement\":[{\"@type\":\"ListItem\",\"position\":1,\"name\":\"Accueil\",\"item\":\"https:\/\/enlisantfestival.com\/fr\/\"},{\"@type\":\"ListItem\",\"position\":2,\"name\":\"En Lisant 2020\"}]},{\"@type\":\"WebSite\",\"@id\":\"https:\/\/enlisantfestival.com\/fr\/#website\",\"url\":\"https:\/\/enlisantfestival.com\/fr\/\",\"name\":\"En Lisant festival de th\u00e9\u00e2tre\",\"description\":\"\",\"publisher\":{\"@id\":\"https:\/\/enlisantfestival.com\/fr\/#organization\"},\"potentialAction\":[{\"@type\":\"SearchAction\",\"target\":{\"@type\":\"EntryPoint\",\"urlTemplate\":\"https:\/\/enlisantfestival.com\/fr\/?s={search_term_string}\"},\"query-input\":{\"@type\":\"PropertyValueSpecification\",\"valueRequired\":true,\"valueName\":\"search_term_string\"}}],\"inLanguage\":\"fr-FR\"},{\"@type\":\"Organization\",\"@id\":\"https:\/\/enlisantfestival.com\/fr\/#organization\",\"name\":\"En Lisant festival de th\u00e9\u00e2tre\",\"url\":\"https:\/\/enlisantfestival.com\/fr\/\",\"logo\":{\"@type\":\"ImageObject\",\"inLanguage\":\"fr-FR\",\"@id\":\"https:\/\/enlisantfestival.com\/fr\/#\/schema\/logo\/image\/\",\"url\":\"https:\/\/enlisantfestival.com\/fr\/wp-content\/uploads\/2020\/09\/en-lisant-logo.png\",\"contentUrl\":\"https:\/\/enlisantfestival.com\/fr\/wp-content\/uploads\/2020\/09\/en-lisant-logo.png\",\"width\":600,\"height\":343,\"caption\":\"En Lisant festival de th\u00e9\u00e2tre\"},\"image\":{\"@id\":\"https:\/\/enlisantfestival.com\/fr\/#\/schema\/logo\/image\/\"}}]}<\/script>\n<!-- \/ Yoast SEO plugin. -->","yoast_head_json":{"title":"En Lisant 2020 - En Lisant festival de th\u00e9\u00e2tre","robots":{"index":"index","follow":"follow","max-snippet":"max-snippet:-1","max-image-preview":"max-image-preview:large","max-video-preview":"max-video-preview:-1"},"canonical":"https:\/\/enlisantfestival.com\/fr\/en-lisant-2020\/","og_locale":"fr_FR","og_type":"article","og_title":"En Lisant 2020 - En Lisant festival de th\u00e9\u00e2tre","og_description":"[vc_row full_width=&#8221;stretch_row&#8221; el_class=&#8221;scs_bg_cover scs_bg_center bg_booking&#8221; css=&#8221;.vc_custom_1597276505577{padding-top: 9rem !important;padding-bottom: 9rem !important;background-image: url(https:\/\/enlisantfestival.com\/fr\/wp-content\/uploads\/2020\/08\/JHO_4475.jpg?id=3246) !important;}&#8221;][vc_column width=&#8221;1\/2&#8243;][\/vc_column][vc_column width=&#8221;1\/2&#8243;][vc_single_image image=&#8221;3656&#8243; alignment=&#8221;center&#8221;][vc_column_text] Proposer un festival en Ha\u00efti autour de Guy R\u00e9gis Junior soul\u00e8ve et \/ou \u00e9voque [&hellip;]","og_url":"https:\/\/enlisantfestival.com\/fr\/en-lisant-2020\/","og_site_name":"En Lisant festival de th\u00e9\u00e2tre","article_modified_time":"2020-09-12T12:16:59+00:00","og_image":[{"width":600,"height":343,"url":"https:\/\/enlisantfestival.com\/fr\/wp-content\/uploads\/2020\/09\/en-lisant-logo.png","type":"image\/png"}],"twitter_card":"summary_large_image","twitter_misc":{"Dur\u00e9e de lecture estim\u00e9e":"1 minute"},"schema":{"@context":"https:\/\/schema.org","@graph":[{"@type":"WebPage","@id":"https:\/\/enlisantfestival.com\/fr\/en-lisant-2020\/","url":"https:\/\/enlisantfestival.com\/fr\/en-lisant-2020\/","name":"En Lisant 2020 - En Lisant festival de th\u00e9\u00e2tre","isPartOf":{"@id":"https:\/\/enlisantfestival.com\/fr\/#website"},"datePublished":"2020-08-12T23:55:11+00:00","dateModified":"2020-09-12T12:16:59+00:00","breadcrumb":{"@id":"https:\/\/enlisantfestival.com\/fr\/en-lisant-2020\/#breadcrumb"},"inLanguage":"fr-FR","potentialAction":[{"@type":"ReadAction","target":["https:\/\/enlisantfestival.com\/fr\/en-lisant-2020\/"]}]},{"@type":"BreadcrumbList","@id":"https:\/\/enlisantfestival.com\/fr\/en-lisant-2020\/#breadcrumb","itemListElement":[{"@type":"ListItem","position":1,"name":"Accueil","item":"https:\/\/enlisantfestival.com\/fr\/"},{"@type":"ListItem","position":2,"name":"En Lisant 2020"}]},{"@type":"WebSite","@id":"https:\/\/enlisantfestival.com\/fr\/#website","url":"https:\/\/enlisantfestival.com\/fr\/","name":"En Lisant festival de th\u00e9\u00e2tre","description":"","publisher":{"@id":"https:\/\/enlisantfestival.com\/fr\/#organization"},"potentialAction":[{"@type":"SearchAction","target":{"@type":"EntryPoint","urlTemplate":"https:\/\/enlisantfestival.com\/fr\/?s={search_term_string}"},"query-input":{"@type":"PropertyValueSpecification","valueRequired":true,"valueName":"search_term_string"}}],"inLanguage":"fr-FR"},{"@type":"Organization","@id":"https:\/\/enlisantfestival.com\/fr\/#organization","name":"En Lisant festival de th\u00e9\u00e2tre","url":"https:\/\/enlisantfestival.com\/fr\/","logo":{"@type":"ImageObject","inLanguage":"fr-FR","@id":"https:\/\/enlisantfestival.com\/fr\/#\/schema\/logo\/image\/","url":"https:\/\/enlisantfestival.com\/fr\/wp-content\/uploads\/2020\/09\/en-lisant-logo.png","contentUrl":"https:\/\/enlisantfestival.com\/fr\/wp-content\/uploads\/2020\/09\/en-lisant-logo.png","width":600,"height":343,"caption":"En Lisant festival de th\u00e9\u00e2tre"},"image":{"@id":"https:\/\/enlisantfestival.com\/fr\/#\/schema\/logo\/image\/"}}]}},"_links":{"self":[{"href":"https:\/\/enlisantfestival.com\/fr\/wp-json\/wp\/v2\/pages\/3242","targetHints":{"allow":["GET"]}}],"collection":[{"href":"https:\/\/enlisantfestival.com\/fr\/wp-json\/wp\/v2\/pages"}],"about":[{"href":"https:\/\/enlisantfestival.com\/fr\/wp-json\/wp\/v2\/types\/page"}],"author":[{"embeddable":true,"href":"https:\/\/enlisantfestival.com\/fr\/wp-json\/wp\/v2\/users\/1"}],"replies":[{"embeddable":true,"href":"https:\/\/enlisantfestival.com\/fr\/wp-json\/wp\/v2\/comments?post=3242"}],"version-history":[{"count":3,"href":"https:\/\/enlisantfestival.com\/fr\/wp-json\/wp\/v2\/pages\/3242\/revisions"}],"predecessor-version":[{"id":3659,"href":"https:\/\/enlisantfestival.com\/fr\/wp-json\/wp\/v2\/pages\/3242\/revisions\/3659"}],"wp:attachment":[{"href":"https:\/\/enlisantfestival.com\/fr\/wp-json\/wp\/v2\/media?parent=3242"}],"curies":[{"name":"wp","href":"https:\/\/api.w.org\/{rel}","templated":true}]}}