{"id":4465,"date":"2024-05-13T18:55:09","date_gmt":"2024-05-13T16:55:09","guid":{"rendered":"https:\/\/enlisantfestival.com\/fr\/?page_id=4465"},"modified":"2024-05-13T19:15:14","modified_gmt":"2024-05-13T17:15:14","slug":"le-theatre-des-deplace%c2%b7e%c2%b7s","status":"publish","type":"page","link":"https:\/\/enlisantfestival.com\/fr\/le-theatre-des-deplace%c2%b7e%c2%b7s\/","title":{"rendered":"Le th\u00e9\u00e2tre des d\u00e9plac\u00e9\u00b7e\u00b7s !"},"content":{"rendered":"\t\t<div data-elementor-type=\"wp-page\" data-elementor-id=\"4465\" class=\"elementor elementor-4465\" data-elementor-settings=\"{&quot;ha_cmc_init_switcher&quot;:&quot;no&quot;}\">\n\t\t\t\t<div class=\"elementor-element elementor-element-41ca0ca e-flex e-con-boxed e-con e-parent\" data-id=\"41ca0ca\" data-element_type=\"container\" data-e-type=\"container\" data-settings=\"{&quot;_ha_eqh_enable&quot;:false}\">\n\t\t\t\t\t<div class=\"e-con-inner\">\n\t\t\t\t<div class=\"elementor-element elementor-element-6db0984 elementor-widget elementor-widget-heading\" data-id=\"6db0984\" data-element_type=\"widget\" data-e-type=\"widget\" data-widget_type=\"heading.default\">\n\t\t\t\t<div class=\"elementor-widget-container\">\n\t\t\t\t\t<h2 class=\"elementor-heading-title elementor-size-default\">\u00c9dito : Le th\u00e9\u00e2tre des d\u00e9plac\u00e9\u00b7e\u00b7s !<\/h2>\t\t\t\t<\/div>\n\t\t\t\t<\/div>\n\t\t\t\t\t<\/div>\n\t\t\t\t<\/div>\n\t\t<div class=\"elementor-element elementor-element-cb3b64a e-flex e-con-boxed e-con e-parent\" data-id=\"cb3b64a\" data-element_type=\"container\" data-e-type=\"container\" data-settings=\"{&quot;_ha_eqh_enable&quot;:false}\">\n\t\t\t\t\t<div class=\"e-con-inner\">\n\t\t\t\t<div class=\"elementor-element elementor-element-c83be50 elementor-widget elementor-widget-image\" data-id=\"c83be50\" data-element_type=\"widget\" data-e-type=\"widget\" data-widget_type=\"image.default\">\n\t\t\t\t<div class=\"elementor-widget-container\">\n\t\t\t\t\t\t\t\t\t\t\t\t\t\t\t<img fetchpriority=\"high\" decoding=\"async\" width=\"900\" height=\"600\" src=\"https:\/\/enlisantfestival.com\/fr\/wp-content\/uploads\/2024\/05\/kwapeVyolans.jpg\" class=\"attachment-large size-large wp-image-4467\" alt=\"\" srcset=\"https:\/\/enlisantfestival.com\/fr\/wp-content\/uploads\/2024\/05\/kwapeVyolans.jpg 900w, https:\/\/enlisantfestival.com\/fr\/wp-content\/uploads\/2024\/05\/kwapeVyolans-300x200.jpg 300w, https:\/\/enlisantfestival.com\/fr\/wp-content\/uploads\/2024\/05\/kwapeVyolans-768x512.jpg 768w\" sizes=\"(max-width: 900px) 100vw, 900px\" \/>\t\t\t\t\t\t\t\t\t\t\t\t\t\t\t<\/div>\n\t\t\t\t<\/div>\n\t\t\t\t\t<\/div>\n\t\t\t\t<\/div>\n\t\t<div class=\"elementor-element elementor-element-3be635f e-flex e-con-boxed e-con e-parent\" data-id=\"3be635f\" data-element_type=\"container\" data-e-type=\"container\" data-settings=\"{&quot;_ha_eqh_enable&quot;:false}\">\n\t\t\t\t\t<div class=\"e-con-inner\">\n\t\t\t\t<div class=\"elementor-element elementor-element-e447355 ha-has-bg-overlay elementor-widget elementor-widget-text-editor\" data-id=\"e447355\" data-element_type=\"widget\" data-e-type=\"widget\" data-widget_type=\"text-editor.default\">\n\t\t\t\t<div class=\"elementor-widget-container\">\n\t\t\t\t\t\t\t\t\t<p>Nous ne sommes plus en 2010. Il n&#8217;y a pas eu de catastrophe naturelle provoquant un d\u00e9placement massif de la population, mais, aujourd&#8217;hui, \u00e0 Port-au-Prince, des gens vivent dans des camps. On dirait des jungles. Selon l\u2019Organisation internationale pour les migrations (OIM), dans son rapport de mars 2024, plus de 84 sites de d\u00e9plac\u00e9\u00b7e\u00b7s h\u00e9bergent 86 040 personnes, des statistiques qui ne font qu\u2019augmenter \u00e0 mesure que les violences prennent de l&#8217;ampleur. Ces personnes ont \u00e9t\u00e9 contraintes de quitter leur domicile pour se r\u00e9fugier dans des camps de fortune, sous le regard complice des autorit\u00e9s. Cette situation touche \u00e9galement les enfants. Quand ils ne sont pas recrut\u00e9\u00b7e\u00b7s par les bandes criminelles pour grossir leurs rangs, ils sont plac\u00e9\u00b7e\u00b7s dans des camps et connaissent une situation inhumaine. Ces enfants, qui devraient \u00eatre dans des salles de classe pour apprendre, se former, s\u2019\u00e9duquer, se pr\u00e9parer \u00e0 demain, parce qu&#8217;ils sont l\u2019avenir de ce pays, se retrouvent coinc\u00e9\u00b7e\u00b7s, pi\u00e9g\u00e9\u00b7e\u00b7s par la mis\u00e8re, la faim, la soif, une surexposition \u00e0 toutes sortes de maladies dermatologiques&#8230; Ces enfants n&#8217;ont pas acc\u00e8s aux divertissements et loisirs.<\/p><p>Un\u00b7e adolescent\u00b7e a besoin d\u2019un lieu sain pour s\u2019\u00e9panouir, un environnement propice au d\u00e9veloppement de son esprit. La BIT Ha\u00efti a toujours privil\u00e9gi\u00e9 les activit\u00e9s ludiques et culturelles en faveur des enfants \u00e0 travers ses diff\u00e9rents programmes. Cependant, certain\u00b7e\u00b7s parents ont une tr\u00e8s mauvaise perception de l\u2019art. Ils l\u2019assimilent \u00e0 une \u201cperte de temps\u201d.<\/p><p>Aujourd\u2019hui, nous avons d\u00e9cid\u00e9 d\u2019aller vers les gens, comme nous l\u2019avons toujours fait. Nous revendiquons l\u2019id\u00e9e d\u2019un th\u00e9\u00e2tre qui va \u00e0 la rencontre des gens et non l\u2019inverse : un th\u00e9\u00e2tre au service des populations et des communaut\u00e9s, un th\u00e9\u00e2tre de construction massive. Nous avons mis en place ce programme pour raviver l\u2019espoir dans les yeux de nos jeunes, offrir un espace de d\u00e9bat \u00e0 ces adolescent\u00b7e\u00b7s, faire de l\u2019art un \u00e9chappatoire et un lieu de parole. Dans le th\u00e9\u00e2tre de l\u2019opprim\u00e9 de Boal, th\u00e9oricien et homme de th\u00e9\u00e2tre br\u00e9silien, il souligne l\u2019importance de placer la population au c\u0153ur de l\u2019acte th\u00e9\u00e2tral, encourageant un art participatif o\u00f9 ce dernier est utilis\u00e9 comme outil pour explorer les probl\u00e8mes sociaux. C\u2019est ce dialogue que nous proposons \u00e0 travers Teyat kwape vyolans : un dialogue entre th\u00e9\u00e2tre, adolescent\u00b7e\u00b7s et artistes, visant \u00e0 \u00e9veiller la conscience des plus jeunes sur leur situation. Transformant leur situation de d\u00e9plac\u00e9\u00b7e\u00b7s de l\u2019int\u00e9rieur en un moyen de replacer leur vie au centre des priorit\u00e9s actuelles.<\/p><p>Eli\u00e9zer Gu\u00e9rism\u00e9<br \/>Directeur artistique de la BIT HA\u00cfTI<br \/>12 mai 2024<\/p><p>Cr\u00e9dit photo : Carlin Tr\u00e9zil<\/p>\t\t\t\t\t\t\t\t<\/div>\n\t\t\t\t<\/div>\n\t\t\t\t\t<\/div>\n\t\t\t\t<\/div>\n\t\t\t\t<\/div>\n\t\t","protected":false},"excerpt":{"rendered":"<p>\u00c9dito : Le th\u00e9\u00e2tre des d\u00e9plac\u00e9\u00b7e\u00b7s ! Nous ne sommes plus en 2010. Il n&#8217;y a pas eu de catastrophe naturelle provoquant un d\u00e9placement massif de la population, mais, aujourd&#8217;hui, [&hellip;]<\/p>\n","protected":false},"author":990002,"featured_media":0,"parent":0,"menu_order":0,"comment_status":"closed","ping_status":"closed","template":"","meta":{"_FSMCFIC_featured_image_caption":"","_FSMCFIC_featured_image_nocaption":"","_FSMCFIC_featured_image_hide":"","footnotes":""},"class_list":["post-4465","page","type-page","status-publish","hentry"],"yoast_head":"<!-- This site is optimized with the Yoast SEO plugin v27.0 - https:\/\/yoast.com\/product\/yoast-seo-wordpress\/ -->\n<title>Le th\u00e9\u00e2tre des d\u00e9plac\u00e9\u00b7e\u00b7s ! - En Lisant festival de th\u00e9\u00e2tre<\/title>\n<meta name=\"robots\" content=\"index, follow, max-snippet:-1, max-image-preview:large, max-video-preview:-1\" \/>\n<link rel=\"canonical\" href=\"https:\/\/enlisantfestival.com\/fr\/le-theatre-des-deplace\u00b7e\u00b7s\/\" \/>\n<meta property=\"og:locale\" content=\"fr_FR\" \/>\n<meta property=\"og:type\" content=\"article\" \/>\n<meta property=\"og:title\" content=\"Le th\u00e9\u00e2tre des d\u00e9plac\u00e9\u00b7e\u00b7s ! - En Lisant festival de th\u00e9\u00e2tre\" \/>\n<meta property=\"og:description\" content=\"\u00c9dito : Le th\u00e9\u00e2tre des d\u00e9plac\u00e9\u00b7e\u00b7s ! Nous ne sommes plus en 2010. Il n&#8217;y a pas eu de catastrophe naturelle provoquant un d\u00e9placement massif de la population, mais, aujourd&#8217;hui, [&hellip;]\" \/>\n<meta property=\"og:url\" content=\"https:\/\/enlisantfestival.com\/fr\/le-theatre-des-deplace\u00b7e\u00b7s\/\" \/>\n<meta property=\"og:site_name\" content=\"En Lisant festival de th\u00e9\u00e2tre\" \/>\n<meta property=\"article:modified_time\" content=\"2024-05-13T17:15:14+00:00\" \/>\n<meta property=\"og:image\" content=\"https:\/\/enlisantfestival.com\/fr\/wp-content\/uploads\/2024\/05\/kwapeVyolans.jpg\" \/>\n<meta name=\"twitter:card\" content=\"summary_large_image\" \/>\n<meta name=\"twitter:label1\" content=\"Dur\u00e9e de lecture estim\u00e9e\" \/>\n\t<meta name=\"twitter:data1\" content=\"3 minutes\" \/>\n<script type=\"application\/ld+json\" class=\"yoast-schema-graph\">{\"@context\":\"https:\/\/schema.org\",\"@graph\":[{\"@type\":\"WebPage\",\"@id\":\"https:\/\/enlisantfestival.com\/fr\/le-theatre-des-deplace%c2%b7e%c2%b7s\/\",\"url\":\"https:\/\/enlisantfestival.com\/fr\/le-theatre-des-deplace%c2%b7e%c2%b7s\/\",\"name\":\"Le th\u00e9\u00e2tre des d\u00e9plac\u00e9\u00b7e\u00b7s ! - En Lisant festival de th\u00e9\u00e2tre\",\"isPartOf\":{\"@id\":\"https:\/\/enlisantfestival.com\/fr\/#website\"},\"primaryImageOfPage\":{\"@id\":\"https:\/\/enlisantfestival.com\/fr\/le-theatre-des-deplace%c2%b7e%c2%b7s\/#primaryimage\"},\"image\":{\"@id\":\"https:\/\/enlisantfestival.com\/fr\/le-theatre-des-deplace%c2%b7e%c2%b7s\/#primaryimage\"},\"thumbnailUrl\":\"https:\/\/enlisantfestival.com\/fr\/wp-content\/uploads\/2024\/05\/kwapeVyolans.jpg\",\"datePublished\":\"2024-05-13T16:55:09+00:00\",\"dateModified\":\"2024-05-13T17:15:14+00:00\",\"breadcrumb\":{\"@id\":\"https:\/\/enlisantfestival.com\/fr\/le-theatre-des-deplace%c2%b7e%c2%b7s\/#breadcrumb\"},\"inLanguage\":\"fr-FR\",\"potentialAction\":[{\"@type\":\"ReadAction\",\"target\":[\"https:\/\/enlisantfestival.com\/fr\/le-theatre-des-deplace%c2%b7e%c2%b7s\/\"]}]},{\"@type\":\"ImageObject\",\"inLanguage\":\"fr-FR\",\"@id\":\"https:\/\/enlisantfestival.com\/fr\/le-theatre-des-deplace%c2%b7e%c2%b7s\/#primaryimage\",\"url\":\"https:\/\/enlisantfestival.com\/fr\/wp-content\/uploads\/2024\/05\/kwapeVyolans.jpg\",\"contentUrl\":\"https:\/\/enlisantfestival.com\/fr\/wp-content\/uploads\/2024\/05\/kwapeVyolans.jpg\",\"width\":900,\"height\":600},{\"@type\":\"BreadcrumbList\",\"@id\":\"https:\/\/enlisantfestival.com\/fr\/le-theatre-des-deplace%c2%b7e%c2%b7s\/#breadcrumb\",\"itemListElement\":[{\"@type\":\"ListItem\",\"position\":1,\"name\":\"Accueil\",\"item\":\"https:\/\/enlisantfestival.com\/fr\/\"},{\"@type\":\"ListItem\",\"position\":2,\"name\":\"Le th\u00e9\u00e2tre des d\u00e9plac\u00e9\u00b7e\u00b7s !\"}]},{\"@type\":\"WebSite\",\"@id\":\"https:\/\/enlisantfestival.com\/fr\/#website\",\"url\":\"https:\/\/enlisantfestival.com\/fr\/\",\"name\":\"En Lisant festival de th\u00e9\u00e2tre\",\"description\":\"\",\"publisher\":{\"@id\":\"https:\/\/enlisantfestival.com\/fr\/#organization\"},\"potentialAction\":[{\"@type\":\"SearchAction\",\"target\":{\"@type\":\"EntryPoint\",\"urlTemplate\":\"https:\/\/enlisantfestival.com\/fr\/?s={search_term_string}\"},\"query-input\":{\"@type\":\"PropertyValueSpecification\",\"valueRequired\":true,\"valueName\":\"search_term_string\"}}],\"inLanguage\":\"fr-FR\"},{\"@type\":\"Organization\",\"@id\":\"https:\/\/enlisantfestival.com\/fr\/#organization\",\"name\":\"En Lisant festival de th\u00e9\u00e2tre\",\"url\":\"https:\/\/enlisantfestival.com\/fr\/\",\"logo\":{\"@type\":\"ImageObject\",\"inLanguage\":\"fr-FR\",\"@id\":\"https:\/\/enlisantfestival.com\/fr\/#\/schema\/logo\/image\/\",\"url\":\"https:\/\/enlisantfestival.com\/fr\/wp-content\/uploads\/2020\/09\/en-lisant-logo.png\",\"contentUrl\":\"https:\/\/enlisantfestival.com\/fr\/wp-content\/uploads\/2020\/09\/en-lisant-logo.png\",\"width\":600,\"height\":343,\"caption\":\"En Lisant festival de th\u00e9\u00e2tre\"},\"image\":{\"@id\":\"https:\/\/enlisantfestival.com\/fr\/#\/schema\/logo\/image\/\"}}]}<\/script>\n<!-- \/ Yoast SEO plugin. -->","yoast_head_json":{"title":"Le th\u00e9\u00e2tre des d\u00e9plac\u00e9\u00b7e\u00b7s ! - En Lisant festival de th\u00e9\u00e2tre","robots":{"index":"index","follow":"follow","max-snippet":"max-snippet:-1","max-image-preview":"max-image-preview:large","max-video-preview":"max-video-preview:-1"},"canonical":"https:\/\/enlisantfestival.com\/fr\/le-theatre-des-deplace\u00b7e\u00b7s\/","og_locale":"fr_FR","og_type":"article","og_title":"Le th\u00e9\u00e2tre des d\u00e9plac\u00e9\u00b7e\u00b7s ! - En Lisant festival de th\u00e9\u00e2tre","og_description":"\u00c9dito : Le th\u00e9\u00e2tre des d\u00e9plac\u00e9\u00b7e\u00b7s ! Nous ne sommes plus en 2010. Il n&#8217;y a pas eu de catastrophe naturelle provoquant un d\u00e9placement massif de la population, mais, aujourd&#8217;hui, [&hellip;]","og_url":"https:\/\/enlisantfestival.com\/fr\/le-theatre-des-deplace\u00b7e\u00b7s\/","og_site_name":"En Lisant festival de th\u00e9\u00e2tre","article_modified_time":"2024-05-13T17:15:14+00:00","og_image":[{"url":"https:\/\/enlisantfestival.com\/fr\/wp-content\/uploads\/2024\/05\/kwapeVyolans.jpg","type":"","width":"","height":""}],"twitter_card":"summary_large_image","twitter_misc":{"Dur\u00e9e de lecture estim\u00e9e":"3 minutes"},"schema":{"@context":"https:\/\/schema.org","@graph":[{"@type":"WebPage","@id":"https:\/\/enlisantfestival.com\/fr\/le-theatre-des-deplace%c2%b7e%c2%b7s\/","url":"https:\/\/enlisantfestival.com\/fr\/le-theatre-des-deplace%c2%b7e%c2%b7s\/","name":"Le th\u00e9\u00e2tre des d\u00e9plac\u00e9\u00b7e\u00b7s ! - En Lisant festival de th\u00e9\u00e2tre","isPartOf":{"@id":"https:\/\/enlisantfestival.com\/fr\/#website"},"primaryImageOfPage":{"@id":"https:\/\/enlisantfestival.com\/fr\/le-theatre-des-deplace%c2%b7e%c2%b7s\/#primaryimage"},"image":{"@id":"https:\/\/enlisantfestival.com\/fr\/le-theatre-des-deplace%c2%b7e%c2%b7s\/#primaryimage"},"thumbnailUrl":"https:\/\/enlisantfestival.com\/fr\/wp-content\/uploads\/2024\/05\/kwapeVyolans.jpg","datePublished":"2024-05-13T16:55:09+00:00","dateModified":"2024-05-13T17:15:14+00:00","breadcrumb":{"@id":"https:\/\/enlisantfestival.com\/fr\/le-theatre-des-deplace%c2%b7e%c2%b7s\/#breadcrumb"},"inLanguage":"fr-FR","potentialAction":[{"@type":"ReadAction","target":["https:\/\/enlisantfestival.com\/fr\/le-theatre-des-deplace%c2%b7e%c2%b7s\/"]}]},{"@type":"ImageObject","inLanguage":"fr-FR","@id":"https:\/\/enlisantfestival.com\/fr\/le-theatre-des-deplace%c2%b7e%c2%b7s\/#primaryimage","url":"https:\/\/enlisantfestival.com\/fr\/wp-content\/uploads\/2024\/05\/kwapeVyolans.jpg","contentUrl":"https:\/\/enlisantfestival.com\/fr\/wp-content\/uploads\/2024\/05\/kwapeVyolans.jpg","width":900,"height":600},{"@type":"BreadcrumbList","@id":"https:\/\/enlisantfestival.com\/fr\/le-theatre-des-deplace%c2%b7e%c2%b7s\/#breadcrumb","itemListElement":[{"@type":"ListItem","position":1,"name":"Accueil","item":"https:\/\/enlisantfestival.com\/fr\/"},{"@type":"ListItem","position":2,"name":"Le th\u00e9\u00e2tre des d\u00e9plac\u00e9\u00b7e\u00b7s !"}]},{"@type":"WebSite","@id":"https:\/\/enlisantfestival.com\/fr\/#website","url":"https:\/\/enlisantfestival.com\/fr\/","name":"En Lisant festival de th\u00e9\u00e2tre","description":"","publisher":{"@id":"https:\/\/enlisantfestival.com\/fr\/#organization"},"potentialAction":[{"@type":"SearchAction","target":{"@type":"EntryPoint","urlTemplate":"https:\/\/enlisantfestival.com\/fr\/?s={search_term_string}"},"query-input":{"@type":"PropertyValueSpecification","valueRequired":true,"valueName":"search_term_string"}}],"inLanguage":"fr-FR"},{"@type":"Organization","@id":"https:\/\/enlisantfestival.com\/fr\/#organization","name":"En Lisant festival de th\u00e9\u00e2tre","url":"https:\/\/enlisantfestival.com\/fr\/","logo":{"@type":"ImageObject","inLanguage":"fr-FR","@id":"https:\/\/enlisantfestival.com\/fr\/#\/schema\/logo\/image\/","url":"https:\/\/enlisantfestival.com\/fr\/wp-content\/uploads\/2020\/09\/en-lisant-logo.png","contentUrl":"https:\/\/enlisantfestival.com\/fr\/wp-content\/uploads\/2020\/09\/en-lisant-logo.png","width":600,"height":343,"caption":"En Lisant festival de th\u00e9\u00e2tre"},"image":{"@id":"https:\/\/enlisantfestival.com\/fr\/#\/schema\/logo\/image\/"}}]}},"_links":{"self":[{"href":"https:\/\/enlisantfestival.com\/fr\/wp-json\/wp\/v2\/pages\/4465","targetHints":{"allow":["GET"]}}],"collection":[{"href":"https:\/\/enlisantfestival.com\/fr\/wp-json\/wp\/v2\/pages"}],"about":[{"href":"https:\/\/enlisantfestival.com\/fr\/wp-json\/wp\/v2\/types\/page"}],"author":[{"embeddable":true,"href":"https:\/\/enlisantfestival.com\/fr\/wp-json\/wp\/v2\/users\/990002"}],"replies":[{"embeddable":true,"href":"https:\/\/enlisantfestival.com\/fr\/wp-json\/wp\/v2\/comments?post=4465"}],"version-history":[{"count":10,"href":"https:\/\/enlisantfestival.com\/fr\/wp-json\/wp\/v2\/pages\/4465\/revisions"}],"predecessor-version":[{"id":4479,"href":"https:\/\/enlisantfestival.com\/fr\/wp-json\/wp\/v2\/pages\/4465\/revisions\/4479"}],"wp:attachment":[{"href":"https:\/\/enlisantfestival.com\/fr\/wp-json\/wp\/v2\/media?parent=4465"}],"curies":[{"name":"wp","href":"https:\/\/api.w.org\/{rel}","templated":true}]}}